{"id":2970,"date":"2025-02-24T15:58:31","date_gmt":"2025-02-24T15:58:31","guid":{"rendered":"https:\/\/wensing.nl\/?page_id=2970"},"modified":"2026-07-21T09:02:35","modified_gmt":"2026-07-21T09:02:35","slug":"solucoes-de-corte-adaptadas-a-sua-aplicacao","status":"publish","type":"page","link":"https:\/\/wensing.nl\/pt-br\/solucoes-de-corte-adaptadas-a-sua-aplicacao\/","title":{"rendered":"Solu\u00e7\u00f5es de corte adaptadas \u00e0 sua aplica\u00e7\u00e3o"},"content":{"rendered":"\n<section class=\"section_intro section primary\" style=\"padding-top: px; padding-bottom: px; margin-top: px; margin-bottom: px\">\n    <div class=\"container\" data-aos=\"fade-up\" data-aos-duration=\"500\">\n        <div class=\"row\">\n            <div class=\"col-12 offset-0 col-xl-10 offset-xl-1\">\n                \n\n<div class=\"wp-block-columns is-layout-flex wp-container-core-columns-is-layout-8f761849 wp-block-columns-is-layout-flex\">\n<div class=\"wp-block-column is-layout-flow wp-block-column-is-layout-flow\">\n<h2 class=\"wp-block-heading\">Como cada segmento \u00e9 \u00fanico<\/h2>\n<\/div>\n\n\n\n<div class=\"wp-block-column is-layout-flow wp-block-column-is-layout-flow\">\n<p class=\"has-large-font-size wp-block-paragraph\">Na ind\u00fastria de alimentos, nenhum produto \u00e9 igual ao outro. Cada segmento trabalha com mat\u00e9rias-primas, estruturas, velocidades e padr\u00f5es de qualidade espec\u00edficos. Na Wensing, compreendemos essas nuances como ningu\u00e9m.<\/p>\n\n\n\n<p class=\"wp-block-paragraph\">Sabemos que cada processo de produ\u00e7\u00e3o imp\u00f5e exig\u00eancias \u00fanicas \u00e0s l\u00e2minas e \u00e0s solu\u00e7\u00f5es de corte. Por isso, oferecemos solu\u00e7\u00f5es personalizadas para cada cliente: desde consultoria t\u00e9cnica especializada at\u00e9 servi\u00e7os de afia\u00e7\u00e3o de alta qualidade e pe\u00e7as novas. Assim, voc\u00ea sempre tem a garantia de um desempenho de corte ideal para a sua aplica\u00e7\u00e3o.<\/p>\n\n\n\n<p class=\"wp-block-paragraph\">Com nossas solu\u00e7\u00f5es, melhoramos juntos o seu processo de produ\u00e7\u00e3o, reduzimos os custos operacionais e aumentamos a qualidade do produto e a rentabilidade.<\/p>\n<\/div>\n<\/div>\n\n\n            <\/div>\n        <\/div>\n    <\/div>\n<\/section>\n\n\n<section class=\"section_accordeon section white\" style=\"padding-top: px; padding-bottom: px; margin-top: px; margin-bottom: px\">\n    <div class=\"container\">\n        <div class=\"row\">\n            <div class=\"col-12 offset-0 col-xl-10 offset-xl-1\">\n                <div class=\"intro\" data-aos=\"fade-up\" data-aos-duration=\"500\">\n                    <h2>Grupos de produtos nos quais nos destacamos<\/h2>\n                <\/div>\n            <\/div>\n            <div class=\"col-12 offset-0 col-xl-10 offset-xl-1\">\n                                    <div class=\"accordion\" id=\"accordionFaq\">\n                        \n                            \n                            <div class=\"accordion-item\" data-aos=\"fade-up\" data-aos-duration=\"500\">\n                                <p class=\"accordion-header\" id=\"heading-1471134865\">\n                                    <span class=\"accordion-button collapsed\" type=\"button\" data-bs-toggle=\"collapse\" data-bs-target=\"#collapse-1471134865\" aria-expanded=\"false\" aria-controls=\"collapse-1471134865\">\n                                        Carne                                    <\/span>\n                                <\/p>\n                                <div id=\"collapse-1471134865\" class=\"accordion-collapse collapse\" aria-labelledby=\"heading-1471134865\" data-bs-parent=\"#accordionFaq\">\n                                    <div class=\"accordion-body\">\n                                        <div class=\"text\">\n                                            <p>Nossas l\u00e2minas para carne foram projetadas para cortar com suavidade e precis\u00e3o diversos tipos de carne, desde tecido muscular desossado at\u00e9 cortes mistos. Gra\u00e7as ao seu afiamento ideal e \u00e0 sua durabilidade, voc\u00ea processa volumes maiores mais rapidamente e com menos esfor\u00e7o. Fabricantes de equipamentos originais (OEMs) e produtores confiam em nossas l\u00e2minas para obter cortes de qualidade constante, que reduzem o desperd\u00edcio e melhoram a apresenta\u00e7\u00e3o. Al\u00e9m disso, com nosso servi\u00e7o profissional de afia\u00e7\u00e3o, voc\u00ea prolonga a vida \u00fatil de suas l\u00e2minas, reduz custos e minimiza paradas n\u00e3o planejadas.<\/p>\n                                        <\/div>\n                                                                                                                                <div class=\"swiper_placeholder\">\n                                                <div class=\"image_slider\">\n                                                                                                                                                            <div class=\"swiper dwaHVFtQ\">\n                                                        <div class=\"swiper-wrapper\">\n                                                                                                                            <div class=\"swiper-slide\">\n                                                                    <a href=\"https:\/\/wensing.nl\/wp-content\/uploads\/2025\/08\/Involute-blade-geen-artikelnummer.png\" data-fancybox=\"gallery-1795662349\" data-caption=\"\">\n                                                                        <div class=\"image_placeholder\" data-aos=\"fade-up\" data-aos-duration=\"500\">\n                                                                            <div class=\"image\" style=\"background-image: url('https:\/\/wensing.nl\/wp-content\/uploads\/2025\/08\/Involute-blade-geen-artikelnummer.png'); height: px;\"><\/div>\n                                                                        <\/div>\n                                                                    <\/a>\n                                                                <\/div>\n                                                                                                                            <div class=\"swiper-slide\">\n                                                                    <a href=\"https:\/\/wensing.nl\/wp-content\/uploads\/2025\/08\/MEAF0116_02.png\" data-fancybox=\"gallery-1795662349\" data-caption=\"\">\n                                                                        <div class=\"image_placeholder\" data-aos=\"fade-up\" data-aos-duration=\"500\">\n                                                                            <div class=\"image\" style=\"background-image: url('https:\/\/wensing.nl\/wp-content\/uploads\/2025\/08\/MEAF0116_02.png'); height: px;\"><\/div>\n                                                                        <\/div>\n                                                                    <\/a>\n                                                                <\/div>\n                                                                                                                            <div class=\"swiper-slide\">\n                                                                    <a href=\"https:\/\/wensing.nl\/wp-content\/uploads\/2025\/08\/MECU0018_1.png\" data-fancybox=\"gallery-1795662349\" data-caption=\"\">\n                                                                        <div class=\"image_placeholder\" data-aos=\"fade-up\" data-aos-duration=\"500\">\n                                                                            <div class=\"image\" style=\"background-image: url('https:\/\/wensing.nl\/wp-content\/uploads\/2025\/08\/MECU0018_1.png'); height: px;\"><\/div>\n                                                                        <\/div>\n                                                                    <\/a>\n                                                                <\/div>\n                                                                                                                    <\/div>\n                                                    <\/div>\n                                                                                                            <div class=\"nav\">\n                                                            <div class=\"dwaHVFtQ-prev prev arrow\"><\/div>\n                                                            <div class=\"dwaHVFtQ-next next arrow\"><\/div>\n                                                        <\/div>\n                                                                                                        <script>\n                                                        document.addEventListener('DOMContentLoaded', function () {\n                                                            var name = \"dwaHVFtQ\";\n\n                                                            var swiper = new Swiper(\".\" + name, {\n                                                                slidesPerView: 1,\n                                                                spaceBetween: 30,\n                                                                loop: true,\n\n                                                                                                                                navigation: {\n                                                                    nextEl: \".\" + name + \"-next\",\n                                                                    prevEl: \".\" + name + \"-prev\",\n                                                                },\n                                                                                                                            });\n                                                        });\n                                                    <\/script>\n                                                <\/div>\n                                            <\/div>\n                                                                            <\/div>\n                                <\/div>\n                            <\/div>\n                        \n                            \n                            <div class=\"accordion-item\" data-aos=\"fade-up\" data-aos-duration=\"500\">\n                                <p class=\"accordion-header\" id=\"heading-717858386\">\n                                    <span class=\"accordion-button collapsed\" type=\"button\" data-bs-toggle=\"collapse\" data-bs-target=\"#collapse-717858386\" aria-expanded=\"false\" aria-controls=\"collapse-717858386\">\n                                        Aves                                    <\/span>\n                                <\/p>\n                                <div id=\"collapse-717858386\" class=\"accordion-collapse collapse\" aria-labelledby=\"heading-717858386\" data-bs-parent=\"#accordionFaq\">\n                                    <div class=\"accordion-body\">\n                                        <div class=\"text\">\n                                            <p>Para o corte de aves, fornecemos facas que se adaptam perfeitamente \u00e0 estrutura delicada e rica em fibras do frango e de outras aves. Nossas facas cortam com precis\u00e3o sem rasgar o produto, preservando assim o peso e a forma. Isso \u00e9 essencial para um porcionamento preciso e uma apar\u00eancia de alta qualidade.<br \/>\nGra\u00e7as ao nosso servi\u00e7o de afia\u00e7\u00e3o r\u00e1pido e profissional e \u00e0 facilidade de manuten\u00e7\u00e3o, voc\u00ea sempre ter\u00e1 a garantia de afia\u00e7\u00e3o m\u00e1xima e tempo de inatividade m\u00ednimo \u2014 o que aumenta consideravelmente a efici\u00eancia e o rendimento do seu processo de produ\u00e7\u00e3o.<\/p>\n                                        <\/div>\n                                                                            <\/div>\n                                <\/div>\n                            <\/div>\n                        \n                            \n                            <div class=\"accordion-item\" data-aos=\"fade-up\" data-aos-duration=\"500\">\n                                <p class=\"accordion-header\" id=\"heading-1276310720\">\n                                    <span class=\"accordion-button collapsed\" type=\"button\" data-bs-toggle=\"collapse\" data-bs-target=\"#collapse-1276310720\" aria-expanded=\"false\" aria-controls=\"collapse-1276310720\">\n                                        Substitutos da carne                                    <\/span>\n                                <\/p>\n                                <div id=\"collapse-1276310720\" class=\"accordion-collapse collapse\" aria-labelledby=\"heading-1276310720\" data-bs-parent=\"#accordionFaq\">\n                                    <div class=\"accordion-body\">\n                                        <div class=\"text\">\n                                            <p>Nossas l\u00e2minas especialmente desenvolvidas para substitutos da carne garantem um desempenho ideal no corte de produtos vegetais, como tofu, tempeh e alternativas ricas em prote\u00ednas. Esses produtos delicados exigem m\u00e1xima precis\u00e3o e higiene para manter sua estrutura e forma.<br \/>\nGra\u00e7as \u00e0 sua geometria inteligente e ao acabamento de alta qualidade, nossas l\u00e2minas cortam de forma limpa e controlada, sem grudar nem desfiar. O resultado: produtos atraentes, com pesos consistentes e dimens\u00f5es exatas. Assim, voc\u00ea promove uma produ\u00e7\u00e3o eficiente, uma apresenta\u00e7\u00e3o de alta qualidade e mant\u00e9m os custos sob controle.<\/p>\n                                        <\/div>\n                                                                            <\/div>\n                                <\/div>\n                            <\/div>\n                        \n                            \n                            <div class=\"accordion-item\" data-aos=\"fade-up\" data-aos-duration=\"500\">\n                                <p class=\"accordion-header\" id=\"heading-551523432\">\n                                    <span class=\"accordion-button collapsed\" type=\"button\" data-bs-toggle=\"collapse\" data-bs-target=\"#collapse-551523432\" aria-expanded=\"false\" aria-controls=\"collapse-551523432\">\n                                        Peixe                                    <\/span>\n                                <\/p>\n                                <div id=\"collapse-551523432\" class=\"accordion-collapse collapse\" aria-labelledby=\"heading-551523432\" data-bs-parent=\"#accordionFaq\">\n                                    <div class=\"accordion-body\">\n                                        <div class=\"text\">\n                                            <p>Para o corte e o porcionamento de peixes e produtos derivados, oferecemos facas que garantem cortes limpos e lisos, sem rasgos nem ressecamento do produto. Gra\u00e7as ao seu acabamento de alta qualidade e \u00e0 escolha dos materiais, elas s\u00e3o resistentes a ambientes \u00famidos e salinos e f\u00e1ceis de limpar, o que \u00e9 fundamental para a higiene. Nossas facas garantem um processamento eficiente e minimizam o desperd\u00edcio, permitindo que voc\u00ea aumente sua margem de lucro e sempre ofere\u00e7a um produto de alta qualidade aos seus clientes.<\/p>\n                                        <\/div>\n                                                                            <\/div>\n                                <\/div>\n                            <\/div>\n                        \n                            \n                            <div class=\"accordion-item\" data-aos=\"fade-up\" data-aos-duration=\"500\">\n                                <p class=\"accordion-header\" id=\"heading-1964573098\">\n                                    <span class=\"accordion-button collapsed\" type=\"button\" data-bs-toggle=\"collapse\" data-bs-target=\"#collapse-1964573098\" aria-expanded=\"false\" aria-controls=\"collapse-1964573098\">\n                                        Frutas e Legumes                                    <\/span>\n                                <\/p>\n                                <div id=\"collapse-1964573098\" class=\"accordion-collapse collapse\" aria-labelledby=\"heading-1964573098\" data-bs-parent=\"#accordionFaq\">\n                                    <div class=\"accordion-body\">\n                                        <div class=\"text\">\n                                            <p>Nossas l\u00e2minas para frutas e legumes foram projetadas para oferecer alta velocidade e precis\u00e3o, essenciais no processamento de produtos frescos. Seja para ra\u00edzes duras ou frutas macias, nossas l\u00e2minas garantem cortes precisos e lisos, sem amassar os alimentos. Isso prolonga a vida \u00fatil e melhora a apresenta\u00e7\u00e3o. Gra\u00e7as aos materiais dur\u00e1veis e \u00e0 facilidade de manuten\u00e7\u00e3o, voc\u00ea economiza nos custos de afia\u00e7\u00e3o e substitui\u00e7\u00e3o, enquanto sua produ\u00e7\u00e3o continua funcionando de maneira fluida e eficiente, dia ap\u00f3s dia.<\/p>\n                                        <\/div>\n                                                                            <\/div>\n                                <\/div>\n                            <\/div>\n                        \n                            \n                            <div class=\"accordion-item\" data-aos=\"fade-up\" data-aos-duration=\"500\">\n                                <p class=\"accordion-header\" id=\"heading-1220053781\">\n                                    <span class=\"accordion-button collapsed\" type=\"button\" data-bs-toggle=\"collapse\" data-bs-target=\"#collapse-1220053781\" aria-expanded=\"false\" aria-controls=\"collapse-1220053781\">\n                                        Queijo                                    <\/span>\n                                <\/p>\n                                <div id=\"collapse-1220053781\" class=\"accordion-collapse collapse\" aria-labelledby=\"heading-1220053781\" data-bs-parent=\"#accordionFaq\">\n                                    <div class=\"accordion-body\">\n                                        <div class=\"text\">\n                                            <p>Para cortar e ralar queijo, fornecemos facas e raladores profissionais que cortam e ralam sem esfor\u00e7o tanto queijos duros quanto macios. Nossas solu\u00e7\u00f5es evitam que o queijo grude e se deforme, garantindo que voc\u00ea sempre obtenha fatias, blocos ou resultados de ralagem bem definidos. Elas s\u00e3o f\u00e1ceis de limpar e manter, o que promove a higiene e agiliza seu processo. Com isso, voc\u00ea economiza tempo e dinheiro com custos de afia\u00e7\u00e3o e materiais, al\u00e9m de oferecer um produto de qualidade constante.<\/p>\n                                        <\/div>\n                                                                            <\/div>\n                                <\/div>\n                            <\/div>\n                        \n                            \n                            <div class=\"accordion-item\" data-aos=\"fade-up\" data-aos-duration=\"500\">\n                                <p class=\"accordion-header\" id=\"heading-1764896059\">\n                                    <span class=\"accordion-button collapsed\" type=\"button\" data-bs-toggle=\"collapse\" data-bs-target=\"#collapse-1764896059\" aria-expanded=\"false\" aria-controls=\"collapse-1764896059\">\n                                        Cereais e Nozes                                    <\/span>\n                                <\/p>\n                                <div id=\"collapse-1764896059\" class=\"accordion-collapse collapse\" aria-labelledby=\"heading-1764896059\" data-bs-parent=\"#accordionFaq\">\n                                    <div class=\"accordion-body\">\n                                        <div class=\"text\">\n                                            <p>No processamento de gr\u00e3os e nozes, s\u00e3o necess\u00e1rias l\u00e2minas resistentes a estruturas duras e ricas em fibras. Nossas l\u00e2minas dur\u00e1veis mant\u00eam o fio por mais tempo, o que reduz a frequ\u00eancia de troca e minimiza o tempo de inatividade. Isso aumenta sua velocidade de produ\u00e7\u00e3o e reduz seus custos de manuten\u00e7\u00e3o. Gra\u00e7as \u00e0 sua capacidade de corte precisa, as nozes e os gr\u00e3os mant\u00eam sua estrutura intacta e a forma\u00e7\u00e3o de poeira \u00e9 limitada, o que contribui para um processo limpo e uma alta qualidade do produto.<\/p>\n                                        <\/div>\n                                                                            <\/div>\n                                <\/div>\n                            <\/div>\n                        \n                            \n                            <div class=\"accordion-item\" data-aos=\"fade-up\" data-aos-duration=\"500\">\n                                <p class=\"accordion-header\" id=\"heading-1054340616\">\n                                    <span class=\"accordion-button collapsed\" type=\"button\" data-bs-toggle=\"collapse\" data-bs-target=\"#collapse-1054340616\" aria-expanded=\"false\" aria-controls=\"collapse-1054340616\">\n                                        P\u00e3o e Torrada                                    <\/span>\n                                <\/p>\n                                <div id=\"collapse-1054340616\" class=\"accordion-collapse collapse\" aria-labelledby=\"heading-1054340616\" data-bs-parent=\"#accordionFaq\">\n                                    <div class=\"accordion-body\">\n                                        <div class=\"text\">\n                                            <p>Nossas solu\u00e7\u00f5es de corte para produtos de panifica\u00e7\u00e3o e confeitaria proporcionam cortes limpos e precisos em itens como p\u00e3o, bolo, barras e produtos de chocolate. Gra\u00e7as \u00e0 sua longa vida \u00fatil e \u00e0s l\u00e2minas afiadas, elas s\u00e3o altamente eficientes e f\u00e1ceis de usar. Elas proporcionam produtos bem acabados, com o m\u00ednimo de migalhas e desperd\u00edcio. Isso otimiza seu processo de produ\u00e7\u00e3o e melhora a apresenta\u00e7\u00e3o nas prateleiras, o que beneficia sua qualidade e rentabilidade.<\/p>\n                                        <\/div>\n                                                                            <\/div>\n                                <\/div>\n                            <\/div>\n                        \n                            \n                            <div class=\"accordion-item\" data-aos=\"fade-up\" data-aos-duration=\"500\">\n                                <p class=\"accordion-header\" id=\"heading-565294525\">\n                                    <span class=\"accordion-button collapsed\" type=\"button\" data-bs-toggle=\"collapse\" data-bs-target=\"#collapse-565294525\" aria-expanded=\"false\" aria-controls=\"collapse-565294525\">\n                                        Latic\u00ednios                                    <\/span>\n                                <\/p>\n                                <div id=\"collapse-565294525\" class=\"accordion-collapse collapse\" aria-labelledby=\"heading-565294525\" data-bs-parent=\"#accordionFaq\">\n                                    <div class=\"accordion-body\">\n                                        <div class=\"text\">\n                                            <p>Para o processamento de produtos l\u00e1cteos, fornecemos facas adequadas tanto para aplica\u00e7\u00f5es com produtos macios quanto com produtos duros, como o corte de manteiga, blocos de queijo cremoso e queijos prensados. Nossas l\u00e2minas garantem cortes precisos e limpos, sem deformar o produto nem fazer com que ele grude, o que \u00e9 essencial para uma apresenta\u00e7\u00e3o atraente e uma embalagem eficiente. Gra\u00e7as aos materiais de alta qualidade e aos nossos servi\u00e7os profissionais de afia\u00e7\u00e3o, suas l\u00e2minas permanecem afiadas por mais tempo, o que minimiza o tempo de inatividade e reduz os custos de produ\u00e7\u00e3o.<\/p>\n                                        <\/div>\n                                                                            <\/div>\n                                <\/div>\n                            <\/div>\n                        \n                            \n                            <div class=\"accordion-item\" data-aos=\"fade-up\" data-aos-duration=\"500\">\n                                <p class=\"accordion-header\" id=\"heading-1085152728\">\n                                    <span class=\"accordion-button collapsed\" type=\"button\" data-bs-toggle=\"collapse\" data-bs-target=\"#collapse-1085152728\" aria-expanded=\"false\" aria-controls=\"collapse-1085152728\">\n                                        Massa                                    <\/span>\n                                <\/p>\n                                <div id=\"collapse-1085152728\" class=\"accordion-collapse collapse\" aria-labelledby=\"heading-1085152728\" data-bs-parent=\"#accordionFaq\">\n                                    <div class=\"accordion-body\">\n                                        <div class=\"text\">\n                                            <p>Nossas facas para processamento de massa foram especialmente desenvolvidas para cortar com facilidade e precis\u00e3o diversos tipos de massa, desde massa de p\u00e3o macia at\u00e9 bases de pizza firmes. Gra\u00e7as \u00e0s suas l\u00e2minas afiadas e dur\u00e1veis, seus produtos mant\u00eam a forma e a estrutura, o que \u00e9 importante para o processamento posterior e a apresenta\u00e7\u00e3o. As l\u00e2minas s\u00e3o f\u00e1ceis de limpar e manter, permitindo que voc\u00ea trabalhe de forma higi\u00eanica e minimize o tempo de inatividade. Assim, voc\u00ea otimiza sua produ\u00e7\u00e3o e oferece qualidade constante a custos mais baixos.<\/p>\n                                        <\/div>\n                                                                            <\/div>\n                                <\/div>\n                            <\/div>\n                        \n                            \n                            <div class=\"accordion-item\" data-aos=\"fade-up\" data-aos-duration=\"500\">\n                                <p class=\"accordion-header\" id=\"heading-347168641\">\n                                    <span class=\"accordion-button collapsed\" type=\"button\" data-bs-toggle=\"collapse\" data-bs-target=\"#collapse-347168641\" aria-expanded=\"false\" aria-controls=\"collapse-347168641\">\n                                        Produtos congelados                                    <\/span>\n                                <\/p>\n                                <div id=\"collapse-347168641\" class=\"accordion-collapse collapse\" aria-labelledby=\"heading-347168641\" data-bs-parent=\"#accordionFaq\">\n                                    <div class=\"accordion-body\">\n                                        <div class=\"text\">\n                                            <p>Para o corte de produtos ultracongelados, fornecemos facas especiais resistentes ao frio extremo e a estruturas duras. Essas facas mant\u00eam o fio e a resist\u00eancia, mesmo em baixas temperaturas, e garantem cortes precisos, sem rasgar ou quebrar o produto. Isso torna seu processo de produ\u00e7\u00e3o mais eficiente e reduz o risco de perda de produto, ao mesmo tempo em que economiza custos com substitui\u00e7\u00e3o e paradas causadas pelo desgaste.<\/p>\n                                        <\/div>\n                                                                            <\/div>\n                                <\/div>\n                            <\/div>\n                        \n                            \n                            <div class=\"accordion-item\" data-aos=\"fade-up\" data-aos-duration=\"500\">\n                                <p class=\"accordion-header\" id=\"heading-1720326391\">\n                                    <span class=\"accordion-button collapsed\" type=\"button\" data-bs-toggle=\"collapse\" data-bs-target=\"#collapse-1720326391\" aria-expanded=\"false\" aria-controls=\"collapse-1720326391\">\n                                        Refei\u00e7\u00f5es prontas                                    <\/span>\n                                <\/p>\n                                <div id=\"collapse-1720326391\" class=\"accordion-collapse collapse\" aria-labelledby=\"heading-1720326391\" data-bs-parent=\"#accordionFaq\">\n                                    <div class=\"accordion-body\">\n                                        <div class=\"text\">\n                                            <p>Nossas facas para refei\u00e7\u00f5es prontas foram desenvolvidas para cortar e dividir diversos ingredientes com rapidez e precis\u00e3o. Elas contribuem para uma apresenta\u00e7\u00e3o elegante na embalagem e por\u00e7\u00f5es uniformes, o que \u00e9 importante para a sua marca e para a satisfa\u00e7\u00e3o do cliente. Gra\u00e7as ao nosso servi\u00e7o de afia\u00e7\u00e3o e ao uso de materiais dur\u00e1veis, essas facas permanecem afiadas por mais tempo, reduzindo as paradas de produ\u00e7\u00e3o e mantendo baixos os seus custos de produ\u00e7\u00e3o.<\/p>\n                                        <\/div>\n                                                                            <\/div>\n                                <\/div>\n                            <\/div>\n                        \n                            \n                            <div class=\"accordion-item\" data-aos=\"fade-up\" data-aos-duration=\"500\">\n                                <p class=\"accordion-header\" id=\"heading-1277280742\">\n                                    <span class=\"accordion-button collapsed\" type=\"button\" data-bs-toggle=\"collapse\" data-bs-target=\"#collapse-1277280742\" aria-expanded=\"false\" aria-controls=\"collapse-1277280742\">\n                                        Doces                                    <\/span>\n                                <\/p>\n                                <div id=\"collapse-1277280742\" class=\"accordion-collapse collapse\" aria-labelledby=\"heading-1277280742\" data-bs-parent=\"#accordionFaq\">\n                                    <div class=\"accordion-body\">\n                                        <div class=\"text\">\n                                            <p>Para o corte de doces e confeitos, fornecemos facas especialmente projetadas para texturas resistentes e pegajosas. Elas cortam com rapidez e precis\u00e3o, sem esticar ou deformar o produto. Isso resulta em formas bem definidas e pesos consistentes, essenciais para os processos de embalagem e apresenta\u00e7\u00e3o do produto. Al\u00e9m disso, o material de alta qualidade minimiza o desgaste e as facas s\u00e3o f\u00e1ceis de limpar, o que aumenta a higiene e a efici\u00eancia.<\/p>\n                                        <\/div>\n                                                                            <\/div>\n                                <\/div>\n                            <\/div>\n                        \n                            \n                            <div class=\"accordion-item\" data-aos=\"fade-up\" data-aos-duration=\"500\">\n                                <p class=\"accordion-header\" id=\"heading-1097675746\">\n                                    <span class=\"accordion-button collapsed\" type=\"button\" data-bs-toggle=\"collapse\" data-bs-target=\"#collapse-1097675746\" aria-expanded=\"false\" aria-controls=\"collapse-1097675746\">\n                                        Ra\u00e7\u00e3o para animais                                    <\/span>\n                                <\/p>\n                                <div id=\"collapse-1097675746\" class=\"accordion-collapse collapse\" aria-labelledby=\"heading-1097675746\" data-bs-parent=\"#accordionFaq\">\n                                    <div class=\"accordion-body\">\n                                        <div class=\"text\">\n                                            <p>Nossas l\u00e2minas para ra\u00e7\u00e3o animal foram projetadas para processar com efici\u00eancia diversos ingredientes, desde carne e gr\u00e3os at\u00e9 ra\u00e7\u00e3o em peda\u00e7os duros. Elas oferecem afia\u00e7\u00e3o duradoura e s\u00e3o resistentes a grandes volumes e mat\u00e9rias-primas vari\u00e1veis. Isso evita paradas na produ\u00e7\u00e3o e aumenta a produtividade, ao mesmo tempo em que voc\u00ea se beneficia de baixos custos de manuten\u00e7\u00e3o. Gra\u00e7as \u00e0 qualidade constante do corte, voc\u00ea contribui para uma produ\u00e7\u00e3o confi\u00e1vel e eficiente de ra\u00e7\u00e3o animal.<\/p>\n                                        <\/div>\n                                                                            <\/div>\n                                <\/div>\n                            <\/div>\n                                            <\/div>\n                            <\/div>\n        <\/div>\n    <\/div>\n\n    \n\n<\/section>\n\n\n<p class=\"wp-block-paragraph\"><\/p>\n\n\n\n<section class=\"section_case section\" >\n    <div class=\"container\" data-aos=\"fade-up\" data-aos-duration=\"500\">\n        <div class=\"row\">\n            <div class=\"col-12 col-xl-5\">\n                                                            <div class=\"text_placeholder\">\n                            <span class=\"label\">Caso<\/span>\n                            <h2>Otimiza\u00e7\u00e3o do conjunto de corte em processadoras de carne: menos tempo de inatividade, maior rendimento<\/h2>\n                            <p>Na ind\u00fastria de alimentos, tudo gira em torno da continuidade, da efici\u00eancia e da qualidade. No entanto, s\u00e3o justamente os pequenos fatores que muitas vezes t\u00eam o maior impacto no processo e no resultado final. Vimos isso em uma grande empresa holandesa de processamento de carne, onde um problema persistente estava prejudicando o processo de produ\u00e7\u00e3o. Juntos, partimos em busca de uma solu\u00e7\u00e3o espec\u00edfica.<\/p>\n                            <a href=\"https:\/\/wensing.nl\/pt-br\/cases\/otimizacao-do-conjunto-de-corte-em-processadoras-de-carne-menos-tempo-de-inatividade-maior-rendimento\/\" class=\"btn outline\">Veja o caso<\/a>\n                        <\/div>\n                                                <\/div>\n        <\/div>\n    <\/div>\n    <div class=\"image_placeholder\">\n        <div class=\"image\" style=\"background-image: url(https:\/\/wensing.nl\/wp-content\/uploads\/2025\/04\/shutterstock_2299876101.jpg);\"><\/div>\n    <\/div>\n<\/section>","protected":false},"excerpt":{"rendered":"","protected":false},"author":3,"featured_media":2971,"parent":0,"menu_order":0,"comment_status":"closed","ping_status":"closed","template":"","meta":{"_acf_changed":false,"inline_featured_image":false,"footnotes":""},"class_list":["post-2970","page","type-page","status-publish","has-post-thumbnail","hentry"],"acf":[],"yoast_head":"<!-- This site is optimized with the Yoast SEO plugin v28.2 - https:\/\/yoast.com\/product\/yoast-seo-wordpress\/ -->\n<title>Solu\u00e7\u00f5es de corte adaptadas \u00e0 sua aplica\u00e7\u00e3o - Wensing<\/title>\n<meta name=\"robots\" content=\"index, follow, max-snippet:-1, max-image-preview:large, max-video-preview:-1\" \/>\n<link rel=\"canonical\" href=\"https:\/\/wensing.nl\/pt-br\/solucoes-de-corte-adaptadas-a-sua-aplicacao\/\" \/>\n<meta property=\"og:locale\" content=\"pt_BR\" \/>\n<meta property=\"og:type\" content=\"article\" \/>\n<meta property=\"og:title\" content=\"Solu\u00e7\u00f5es de corte adaptadas \u00e0 sua aplica\u00e7\u00e3o - Wensing\" \/>\n<meta property=\"og:url\" content=\"https:\/\/wensing.nl\/pt-br\/solucoes-de-corte-adaptadas-a-sua-aplicacao\/\" \/>\n<meta property=\"og:site_name\" content=\"Wensing\" \/>\n<meta property=\"article:modified_time\" content=\"2026-07-21T09:02:35+00:00\" \/>\n<meta property=\"og:image\" content=\"https:\/\/wensing.nl\/wp-content\/uploads\/2025\/07\/madie-hamilton-GXehL5_crJ4-unsplash.jpg\" \/>\n\t<meta property=\"og:image:width\" content=\"1920\" \/>\n\t<meta property=\"og:image:height\" content=\"1280\" \/>\n\t<meta property=\"og:image:type\" content=\"image\/jpeg\" \/>\n<meta name=\"twitter:card\" content=\"summary_large_image\" \/>\n<meta name=\"twitter:label1\" content=\"Est. tempo de leitura\" \/>\n\t<meta name=\"twitter:data1\" content=\"1 minuto\" \/>\n<script type=\"application\/ld+json\" class=\"yoast-schema-graph\">{\"@context\":\"https:\\\/\\\/schema.org\",\"@graph\":[{\"@type\":\"WebPage\",\"@id\":\"https:\\\/\\\/wensing.nl\\\/pt-br\\\/solucoes-de-corte-adaptadas-a-sua-aplicacao\\\/\",\"url\":\"https:\\\/\\\/wensing.nl\\\/pt-br\\\/solucoes-de-corte-adaptadas-a-sua-aplicacao\\\/\",\"name\":\"Solu\u00e7\u00f5es de corte adaptadas \u00e0 sua aplica\u00e7\u00e3o - Wensing\",\"isPartOf\":{\"@id\":\"https:\\\/\\\/wensing.nl\\\/#website\"},\"primaryImageOfPage\":{\"@id\":\"https:\\\/\\\/wensing.nl\\\/pt-br\\\/solucoes-de-corte-adaptadas-a-sua-aplicacao\\\/#primaryimage\"},\"image\":{\"@id\":\"https:\\\/\\\/wensing.nl\\\/pt-br\\\/solucoes-de-corte-adaptadas-a-sua-aplicacao\\\/#primaryimage\"},\"thumbnailUrl\":\"https:\\\/\\\/wensing.nl\\\/wp-content\\\/uploads\\\/2025\\\/07\\\/madie-hamilton-GXehL5_crJ4-unsplash.jpg\",\"datePublished\":\"2025-02-24T15:58:31+00:00\",\"dateModified\":\"2026-07-21T09:02:35+00:00\",\"breadcrumb\":{\"@id\":\"https:\\\/\\\/wensing.nl\\\/pt-br\\\/solucoes-de-corte-adaptadas-a-sua-aplicacao\\\/#breadcrumb\"},\"inLanguage\":\"pt-BR\",\"potentialAction\":[{\"@type\":\"ReadAction\",\"target\":[\"https:\\\/\\\/wensing.nl\\\/pt-br\\\/solucoes-de-corte-adaptadas-a-sua-aplicacao\\\/\"]}]},{\"@type\":\"ImageObject\",\"inLanguage\":\"pt-BR\",\"@id\":\"https:\\\/\\\/wensing.nl\\\/pt-br\\\/solucoes-de-corte-adaptadas-a-sua-aplicacao\\\/#primaryimage\",\"url\":\"https:\\\/\\\/wensing.nl\\\/wp-content\\\/uploads\\\/2025\\\/07\\\/madie-hamilton-GXehL5_crJ4-unsplash.jpg\",\"contentUrl\":\"https:\\\/\\\/wensing.nl\\\/wp-content\\\/uploads\\\/2025\\\/07\\\/madie-hamilton-GXehL5_crJ4-unsplash.jpg\",\"width\":1920,\"height\":1280},{\"@type\":\"BreadcrumbList\",\"@id\":\"https:\\\/\\\/wensing.nl\\\/pt-br\\\/solucoes-de-corte-adaptadas-a-sua-aplicacao\\\/#breadcrumb\",\"itemListElement\":[{\"@type\":\"ListItem\",\"position\":1,\"name\":\"Home\",\"item\":\"https:\\\/\\\/wensing.nl\\\/pt-br\\\/\"},{\"@type\":\"ListItem\",\"position\":2,\"name\":\"Solu\u00e7\u00f5es de corte adaptadas \u00e0 sua aplica\u00e7\u00e3o\"}]},{\"@type\":\"WebSite\",\"@id\":\"https:\\\/\\\/wensing.nl\\\/#website\",\"url\":\"https:\\\/\\\/wensing.nl\\\/\",\"name\":\"Wensing\",\"description\":\"Food Cutting Technology\",\"potentialAction\":[{\"@type\":\"SearchAction\",\"target\":{\"@type\":\"EntryPoint\",\"urlTemplate\":\"https:\\\/\\\/wensing.nl\\\/?s={search_term_string}\"},\"query-input\":{\"@type\":\"PropertyValueSpecification\",\"valueRequired\":true,\"valueName\":\"search_term_string\"}}],\"inLanguage\":\"pt-BR\"}]}<\/script>\n<!-- \/ Yoast SEO plugin. -->","yoast_head_json":{"title":"Solu\u00e7\u00f5es de corte adaptadas \u00e0 sua aplica\u00e7\u00e3o - Wensing","robots":{"index":"index","follow":"follow","max-snippet":"max-snippet:-1","max-image-preview":"max-image-preview:large","max-video-preview":"max-video-preview:-1"},"canonical":"https:\/\/wensing.nl\/pt-br\/solucoes-de-corte-adaptadas-a-sua-aplicacao\/","og_locale":"pt_BR","og_type":"article","og_title":"Solu\u00e7\u00f5es de corte adaptadas \u00e0 sua aplica\u00e7\u00e3o - Wensing","og_url":"https:\/\/wensing.nl\/pt-br\/solucoes-de-corte-adaptadas-a-sua-aplicacao\/","og_site_name":"Wensing","article_modified_time":"2026-07-21T09:02:35+00:00","og_image":[{"width":1920,"height":1280,"url":"https:\/\/wensing.nl\/wp-content\/uploads\/2025\/07\/madie-hamilton-GXehL5_crJ4-unsplash.jpg","type":"image\/jpeg"}],"twitter_card":"summary_large_image","twitter_misc":{"Est. tempo de leitura":"1 minuto"},"schema":{"@context":"https:\/\/schema.org","@graph":[{"@type":"WebPage","@id":"https:\/\/wensing.nl\/pt-br\/solucoes-de-corte-adaptadas-a-sua-aplicacao\/","url":"https:\/\/wensing.nl\/pt-br\/solucoes-de-corte-adaptadas-a-sua-aplicacao\/","name":"Solu\u00e7\u00f5es de corte adaptadas \u00e0 sua aplica\u00e7\u00e3o - Wensing","isPartOf":{"@id":"https:\/\/wensing.nl\/#website"},"primaryImageOfPage":{"@id":"https:\/\/wensing.nl\/pt-br\/solucoes-de-corte-adaptadas-a-sua-aplicacao\/#primaryimage"},"image":{"@id":"https:\/\/wensing.nl\/pt-br\/solucoes-de-corte-adaptadas-a-sua-aplicacao\/#primaryimage"},"thumbnailUrl":"https:\/\/wensing.nl\/wp-content\/uploads\/2025\/07\/madie-hamilton-GXehL5_crJ4-unsplash.jpg","datePublished":"2025-02-24T15:58:31+00:00","dateModified":"2026-07-21T09:02:35+00:00","breadcrumb":{"@id":"https:\/\/wensing.nl\/pt-br\/solucoes-de-corte-adaptadas-a-sua-aplicacao\/#breadcrumb"},"inLanguage":"pt-BR","potentialAction":[{"@type":"ReadAction","target":["https:\/\/wensing.nl\/pt-br\/solucoes-de-corte-adaptadas-a-sua-aplicacao\/"]}]},{"@type":"ImageObject","inLanguage":"pt-BR","@id":"https:\/\/wensing.nl\/pt-br\/solucoes-de-corte-adaptadas-a-sua-aplicacao\/#primaryimage","url":"https:\/\/wensing.nl\/wp-content\/uploads\/2025\/07\/madie-hamilton-GXehL5_crJ4-unsplash.jpg","contentUrl":"https:\/\/wensing.nl\/wp-content\/uploads\/2025\/07\/madie-hamilton-GXehL5_crJ4-unsplash.jpg","width":1920,"height":1280},{"@type":"BreadcrumbList","@id":"https:\/\/wensing.nl\/pt-br\/solucoes-de-corte-adaptadas-a-sua-aplicacao\/#breadcrumb","itemListElement":[{"@type":"ListItem","position":1,"name":"Home","item":"https:\/\/wensing.nl\/pt-br\/"},{"@type":"ListItem","position":2,"name":"Solu\u00e7\u00f5es de corte adaptadas \u00e0 sua aplica\u00e7\u00e3o"}]},{"@type":"WebSite","@id":"https:\/\/wensing.nl\/#website","url":"https:\/\/wensing.nl\/","name":"Wensing","description":"Food Cutting Technology","potentialAction":[{"@type":"SearchAction","target":{"@type":"EntryPoint","urlTemplate":"https:\/\/wensing.nl\/?s={search_term_string}"},"query-input":{"@type":"PropertyValueSpecification","valueRequired":true,"valueName":"search_term_string"}}],"inLanguage":"pt-BR"}]}},"_links":{"self":[{"href":"https:\/\/wensing.nl\/pt-br\/wp-json\/wp\/v2\/pages\/2970","targetHints":{"allow":["GET"]}}],"collection":[{"href":"https:\/\/wensing.nl\/pt-br\/wp-json\/wp\/v2\/pages"}],"about":[{"href":"https:\/\/wensing.nl\/pt-br\/wp-json\/wp\/v2\/types\/page"}],"author":[{"embeddable":true,"href":"https:\/\/wensing.nl\/pt-br\/wp-json\/wp\/v2\/users\/3"}],"replies":[{"embeddable":true,"href":"https:\/\/wensing.nl\/pt-br\/wp-json\/wp\/v2\/comments?post=2970"}],"version-history":[{"count":1,"href":"https:\/\/wensing.nl\/pt-br\/wp-json\/wp\/v2\/pages\/2970\/revisions"}],"predecessor-version":[{"id":3004,"href":"https:\/\/wensing.nl\/pt-br\/wp-json\/wp\/v2\/pages\/2970\/revisions\/3004"}],"wp:featuredmedia":[{"embeddable":true,"href":"https:\/\/wensing.nl\/pt-br\/wp-json\/wp\/v2\/media\/2971"}],"wp:attachment":[{"href":"https:\/\/wensing.nl\/pt-br\/wp-json\/wp\/v2\/media?parent=2970"}],"curies":[{"name":"wp","href":"https:\/\/api.w.org\/{rel}","templated":true}]}}